{"id":265,"date":"2020-09-30T17:48:22","date_gmt":"2020-09-30T15:48:22","guid":{"rendered":"http:\/\/85.25.185.15\/?page_id=265"},"modified":"2024-02-19T19:22:28","modified_gmt":"2024-02-19T18:22:28","slug":"impressum","status":"publish","type":"page","link":"https:\/\/feuerwehr-egeln.de\/?page_id=265","title":{"rendered":"Impressum"},"content":{"rendered":"<div class=\"wpb-content-wrapper\"><p>[vc_row][vc_column][vc_column_text]<\/p>\n<table width=\"891\">\n<tbody>\n<tr>\n<td rowspan=\"3\" width=\"1114\">\n<table width=\"891\">\n<tbody>\n<tr>\n<td rowspan=\"3\" width=\"1114\">\n<table width=\"100%\">\n<tbody>\n<tr>\n<td colspan=\"3\" width=\"100%\">Die Domain <a href=\"http:\/\/www.feuerwehr-egeln.de\">www.feuerwehr-egeln.de<\/a> dient dazu, nichtkommerziell Informationen \u00fcber die Arbeit der Freiwilligen Feuerwehr Stadt Egeln zu vermitteln. Sie wird betrieben durch Angeh\u00f6rige der Freiwilligen Feuerwehr Stadt Egeln mit Unterst\u00fctzung &#8222;Vereins zur F\u00f6rderung des Brandschutzes in der Stadt Egeln e.V.&#8220;. Es handelt sich bei dem Angebot nicht um eine offizielle Homepage der Stadt Egeln oder der Verbandsgemeinde Egelner Mulde.<\/td>\n<\/tr>\n<\/tbody>\n<\/table>\n<\/td>\n<\/tr>\n<\/tbody>\n<\/table>\n<\/td>\n<\/tr>\n<\/tbody>\n<\/table>\n<p>[\/vc_column_text][vc_column_text]<strong>Angaben gem\u00e4\u00df \u00a7 5 TMG:<\/strong><\/p>\n<p>Ortsfeuerwehr Egeln<br \/>\nWorthstra\u00dfe 7b<br \/>\n39435 Egeln<\/p>\n<p>Vertreten durch:<br \/>\nOrtswehrleiter Michael Rommel<br \/>\nKontakt:<br \/>\nTelefon: +49 (0) 392682530<br \/>\nTelefax: +49 (0) 392682530<br \/>\nE-Mail: <a href=\"mailto:info@feuerwehr-egeln.de\">info@feuerwehr-egeln.de<\/a><\/p>\n<p>&nbsp;<\/p>\n<p>Verantwortlich f\u00fcr den Inhalt nach \u00a7 55 Abs. 2 RStV:<br \/>\nChristian Heinz \/ Dustin Koch<br \/>\nOrtsfeuerwehr Egeln<br \/>\nWorthstra\u00dfe 7b<br \/>\n39435 Egeln[\/vc_column_text][\/vc_column][\/vc_row][vc_row][vc_column][vc_separator color=&#8220;black&#8220;][\/vc_column][\/vc_row][vc_row][vc_column][vc_column_text]<\/p>\n<h3>Haftung f\u00fcr Inhalte<\/h3>\n<p>Als Diensteanbieter sind wir gem\u00e4\u00df \u00a7 7 Abs.1 TMG f\u00fcr eigene Inhalte auf diesen Seiten nach den allgemeinen Gesetzen verantwortlich. Nach \u00a7\u00a7 8 bis 10 TMG sind wir als Diensteanbieter jedoch nicht verpflichtet, \u00fcbermittelte oder gespeicherte fremde Informationen zu \u00fcberwachen oder nach Umst\u00e4nden zu forschen, die auf eine rechtswidrige T\u00e4tigkeit hinweisen.<\/p>\n<p>Verpflichtungen zur Entfernung oder Sperrung der Nutzung von Informationen nach den allgemeinen Gesetzen bleiben hiervon unber\u00fchrt. Eine diesbez\u00fcgliche Haftung ist jedoch erst ab dem Zeitpunkt der Kenntnis einer konkreten Rechtsverletzung m\u00f6glich. Bei Bekanntwerden von entsprechenden Rechtsverletzungen werden wir diese Inhalte umgehend entfernen.<\/p>\n<h3>Haftung f\u00fcr Links<\/h3>\n<p>Unser Angebot enth\u00e4lt Links zu externen Websites Dritter, auf deren Inhalte wir keinen Einfluss haben. Deshalb k\u00f6nnen wir f\u00fcr diese fremden Inhalte auch keine Gew\u00e4hr \u00fcbernehmen. F\u00fcr die Inhalte der verlinkten Seiten ist stets der jeweilige Anbieter oder Betreiber der Seiten verantwortlich. Die verlinkten Seiten wurden zum Zeitpunkt der Verlinkung auf m\u00f6gliche Rechtsverst\u00f6\u00dfe \u00fcberpr\u00fcft. Rechtswidrige Inhalte waren zum Zeitpunkt der Verlinkung nicht erkennbar.<\/p>\n<p>Eine permanente inhaltliche Kontrolle der verlinkten Seiten ist jedoch ohne konkrete Anhaltspunkte einer Rechtsverletzung nicht zumutbar. Bei Bekanntwerden von Rechtsverletzungen werden wir derartige Links umgehend entfernen.<\/p>\n<h3>Urheberrecht<\/h3>\n<p>Die durch die Seitenbetreiber erstellten Inhalte und Werke auf diesen Seiten unterliegen dem deutschen Urheberrecht. Die Vervielf\u00e4ltigung, Bearbeitung, Verbreitung und jede Art der Verwertung au\u00dferhalb der Grenzen des Urheberrechtes bed\u00fcrfen der schriftlichen Zustimmung des jeweiligen Autors bzw. Erstellers. Downloads und Kopien dieser Seite sind nur f\u00fcr den privaten, nicht kommerziellen Gebrauch gestattet.<\/p>\n<p>Soweit die Inhalte auf dieser Seite nicht vom Betreiber erstellt wurden, werden die Urheberrechte Dritter beachtet. Insbesondere werden Inhalte Dritter als solche gekennzeichnet. Sollten Sie trotzdem auf eine Urheberrechtsverletzung aufmerksam werden, bitten wir um einen entsprechenden Hinweis. Bei Bekanntwerden von Rechtsverletzungen werden wir derartige Inhalte umgehend entfernen.<\/p>\n<p>Quelle: <a href=\"http:\/\/www.e-recht24.de\">www.e-recht24.de<\/a>[\/vc_column_text][\/vc_column][\/vc_row][vc_row][vc_column][\/vc_column][\/vc_row]<\/p>\n<\/div> ","protected":false},"excerpt":{"rendered":"<p>[vc_row][vc_column][vc_column_text] Die Domain www.feuerwehr-egeln.de dient dazu, nichtkommerziell Informationen \u00fcber die Arbeit der Freiwilligen Feuerwehr Stadt Egeln zu vermitteln. Sie wird betrieben durch Angeh\u00f6rige der Freiwilligen Feuerwehr Stadt Egeln mit Unterst\u00fctzung &#8222;Vereins zur F\u00f6rderung des Brandschutzes in der Stadt Egeln e.V.&#8220;. Es handelt sich bei dem Angebot nicht um eine offizielle Homepage der Stadt Egeln oder der Verbandsgemeinde Egelner Mulde. [\/vc_column_text][vc_column_text]Angaben&#8230;<\/p>\n","protected":false},"author":1,"featured_media":0,"parent":0,"menu_order":0,"comment_status":"closed","ping_status":"closed","template":"","meta":{"_acf_changed":false,"pgc_sgb_lightbox_settings":"","footnotes":""},"class_list":["post-265","page","type-page","status-publish","hentry"],"acf":[],"_links":{"self":[{"href":"https:\/\/feuerwehr-egeln.de\/index.php?rest_route=\/wp\/v2\/pages\/265","targetHints":{"allow":["GET"]}}],"collection":[{"href":"https:\/\/feuerwehr-egeln.de\/index.php?rest_route=\/wp\/v2\/pages"}],"about":[{"href":"https:\/\/feuerwehr-egeln.de\/index.php?rest_route=\/wp\/v2\/types\/page"}],"author":[{"embeddable":true,"href":"https:\/\/feuerwehr-egeln.de\/index.php?rest_route=\/wp\/v2\/users\/1"}],"replies":[{"embeddable":true,"href":"https:\/\/feuerwehr-egeln.de\/index.php?rest_route=%2Fwp%2Fv2%2Fcomments&post=265"}],"version-history":[{"count":5,"href":"https:\/\/feuerwehr-egeln.de\/index.php?rest_route=\/wp\/v2\/pages\/265\/revisions"}],"predecessor-version":[{"id":2163,"href":"https:\/\/feuerwehr-egeln.de\/index.php?rest_route=\/wp\/v2\/pages\/265\/revisions\/2163"}],"wp:attachment":[{"href":"https:\/\/feuerwehr-egeln.de\/index.php?rest_route=%2Fwp%2Fv2%2Fmedia&parent=265"}],"curies":[{"name":"wp","href":"https:\/\/api.w.org\/{rel}","templated":true}]}}